{"id":800,"date":"2023-05-26T10:49:22","date_gmt":"2023-05-26T13:49:22","guid":{"rendered":"https:\/\/ibavancar.com\/?page_id=800"},"modified":"2023-06-29T07:37:24","modified_gmt":"2023-06-29T10:37:24","slug":"mulheres","status":"publish","type":"page","link":"https:\/\/ibavancar.com\/index.php\/mulheres\/","title":{"rendered":"Mulheres"},"content":{"rendered":"\t\t<div data-elementor-type=\"wp-page\" data-elementor-id=\"800\" class=\"elementor elementor-800\">\n\t\t\t\t\t\t\t<div class=\"elementor-element elementor-element-b37576c e-con-boxed e-flex e-con\" data-id=\"b37576c\" data-element_type=\"container\" data-settings=\"{&quot;background_background&quot;:&quot;classic&quot;,&quot;content_width&quot;:&quot;boxed&quot;}\">\n\t\t\t\t\t<div class=\"e-con-inner\">\n\t\t<div class=\"elementor-element elementor-element-6af6932 e-con-full e-flex e-con\" data-id=\"6af6932\" data-element_type=\"container\" data-settings=\"{&quot;content_width&quot;:&quot;full&quot;,&quot;background_background&quot;:&quot;classic&quot;}\">\n\t\t\t\t<div class=\"elementor-element elementor-element-f9f8618 elementor-widget elementor-widget-heading\" data-id=\"f9f8618\" data-element_type=\"widget\" data-widget_type=\"heading.default\">\n\t\t\t\t<div class=\"elementor-widget-container\">\n\t\t\t<style>\/*! elementor - v3.13.3 - 22-05-2023 *\/\n.elementor-heading-title{padding:0;margin:0;line-height:1}.elementor-widget-heading .elementor-heading-title[class*=elementor-size-]>a{color:inherit;font-size:inherit;line-height:inherit}.elementor-widget-heading .elementor-heading-title.elementor-size-small{font-size:15px}.elementor-widget-heading .elementor-heading-title.elementor-size-medium{font-size:19px}.elementor-widget-heading .elementor-heading-title.elementor-size-large{font-size:29px}.elementor-widget-heading .elementor-heading-title.elementor-size-xl{font-size:39px}.elementor-widget-heading .elementor-heading-title.elementor-size-xxl{font-size:59px}<\/style><h2 class=\"elementor-heading-title elementor-size-default\">MINIST\u00c9RIO DE MULHERES<\/h2>\t\t<\/div>\n\t\t\t\t<\/div>\n\t\t\t\t<div class=\"elementor-element elementor-element-6e29f5e elementor-widget elementor-widget-text-editor\" data-id=\"6e29f5e\" data-element_type=\"widget\" data-widget_type=\"text-editor.default\">\n\t\t\t\t<div class=\"elementor-widget-container\">\n\t\t\t<style>\/*! elementor - v3.13.3 - 22-05-2023 *\/\n.elementor-widget-text-editor.elementor-drop-cap-view-stacked .elementor-drop-cap{background-color:#69727d;color:#fff}.elementor-widget-text-editor.elementor-drop-cap-view-framed .elementor-drop-cap{color:#69727d;border:3px solid;background-color:transparent}.elementor-widget-text-editor:not(.elementor-drop-cap-view-default) .elementor-drop-cap{margin-top:8px}.elementor-widget-text-editor:not(.elementor-drop-cap-view-default) .elementor-drop-cap-letter{width:1em;height:1em}.elementor-widget-text-editor .elementor-drop-cap{float:left;text-align:center;line-height:1;font-size:50px}.elementor-widget-text-editor .elementor-drop-cap-letter{display:inline-block}<\/style>\t\t\t\t<p class=\"tm7\"><span class=\"tm8\">O <\/span><strong><span class=\"tm9\">Minist\u00e9rio de Mulheres da IBA<\/span> <\/strong><span class=\"tm8\">tem como principal objetivo n\u00e3o deixar nenhuma mulher andar sozinha em sua caminhada com Cristo. Esse objetivo \u00e9 alcan\u00e7ado atrav\u00e9s do CUIDAR, APOIAR e TREINAR mulheres nesse cuidado m\u00fatuo. Desenvolvendo um relacionamento \u00edntimo e profundo com Deus e comunh\u00e3o umas com as outras.<\/span><\/p>\n<p class=\"tm7\"><span class=\"tm8\">Assim desenvolvemos a\u00e7\u00f5es voltadas para mulheres de todas as faixas et\u00e1rias, independente da situa\u00e7\u00e3o social ou profissional ajudando-as em suas necessidades.<\/span><\/p>\n<p class=\"tm7\"><strong><span class=\"tm9\">A\u00c7\u00d5ES:<\/span><\/strong><\/p>\n<p class=\"tm7\"><strong><span class=\"tm9\">Culto de Mulheres<\/span><\/strong><span class=\"tm8\"> &#8211; Uma ter\u00e7a-feira de cada m\u00eas temos um culto voltado pra todas as mulheres da Igreja, da adolescente at\u00e9 a terceira idade, com temas espec\u00edficos para encorajar e despertar as mulheres a avan\u00e7ar no seu chamado e prop\u00f3sito de alcan\u00e7ar outras mulheres para o reino de DEUS;<\/span><\/p>\n<p class=\"tm7\"><strong><span class=\"tm9\">Manh\u00e3s de ora\u00e7\u00e3o<\/span><\/strong><span class=\"tm8\">&#8211; Todos os s\u00e1bados de 06:00 \u00e0s 07:00 horas. Nesse encontro compartilhamos lutas e vit\u00f3rias por meio da intercess\u00e3o umas pelas outras. Oramos pelos filhos, maridos, Igreja, etc;<\/span><\/p>\n<p class=\"tm7\"><strong><span class=\"tm9\">Face a Face de Mulheres<\/span><\/strong><span class=\"tm8\">&#8211; Um retiro de tr\u00eas dias em um fim de semana, preparado pra mulheres que ainda n\u00e3o tiveram uma experi\u00eancia de convers\u00e3o e aquelas que est\u00e3o afastadas da comunh\u00e3o da Igreja. Tem como seu principal objetivo gerar arrependimento de pecados, salva\u00e7\u00e3o em Cristo, revelar \u00e1reas que precisam ser tratadas, resgatar a identidade de filhas amadas do pai. Ser\u00e3o desafiadas a desenvolverem disciplinas espirituais e andar na plenitude do Esp\u00edrito Santo;<\/span><\/p>\n<p class=\"tm7\"><strong><span class=\"tm9\">Confer\u00eancia de Mulheres<\/span><\/strong><span class=\"tm8\">&#8211; Temos uma confer\u00eancia no ano, em um fim de semana que tem como objetivo despertar mulheres para o crescimento na vida Crist\u00e3 e desenvolver o car\u00e1ter de Cristo.<\/span><\/p>\n<p class=\"tm7\"><strong><span class=\"tm9\">GD-Grupo discipulador<\/span><\/strong><\/p>\n<p class=\"tm7\"><span class=\"tm8\">Pequeno grupo de mulheres que fazem parte de uma c\u00e9lula. Se re\u00fanem pra conversar, orar, comer, fazerem algo juntas. Objetivando desenvolver relacionamento de comunh\u00e3o, discipulado coletivo e cuidado m\u00fatuo.<\/span><\/p>\n<p class=\"tm7\"><strong><span class=\"tm9\">Alvos:<\/span><\/strong><\/p>\n<p class=\"tm7\"><span class=\"tm8\">&#8211; Nenhuma mulher da <\/span><strong><span class=\"tm9\">IBA<\/span><\/strong><span class=\"tm8\"> andando sozinha; <\/span><\/p>\n<p class=\"tm7\"><span class=\"tm8\">&#8211; Cada mulher da <\/span><strong><span class=\"tm9\">IBA<\/span><\/strong><span class=\"tm8\"> discipulando outra mulher;<\/span><\/p>\n<p class=\"tm7\"><span class=\"tm8\">&#8211; Todas as mulheres da <\/span><strong><span class=\"tm9\">IBA<\/span><\/strong><span class=\"tm8\"> fazendo parte de uma c\u00e9lula;<\/span><\/p>\n<p class=\"tm7\"><span class=\"tm8\">&#8211; Todas as mulheres da <\/span><strong><span class=\"tm9\">IBA<\/span><\/strong><span class=\"tm8\"> fazendo os cursos da nossa <\/span><strong><span class=\"tm9\">EFB &#8211; Escola de Forma\u00e7\u00e3o B\u00edblica<\/span><\/strong><span class=\"tm8\">;<\/span><\/p>\n<p class=\"tm7\"><span class=\"tm8\">&#8211; Convers\u00e3o dos maridos, esposas e filhos;<\/span><\/p>\n<p class=\"tm7\"><span class=\"tm8\">&#8211; Toda Igreja avan\u00e7ando na miss\u00e3o de alcan\u00e7ar vidas pra o reino de DEUS.<\/span><\/p>\n<p class=\"tm7\"><span class=\"tm8\">Se desejar aben\u00e7oar este minist\u00e9rio, voc\u00ea poder\u00e1 contribuir atrav\u00e9s de nossa chave PIX: <\/span><u><a href=\"mailto:mulheres@ibavancar.com\">mulheres@ibavancar.com<\/a><\/u><\/p>\n<p class=\"Normal\">\n<\/p>\t\t\t\t\t\t<\/div>\n\t\t\t\t<\/div>\n\t\t\t\t<\/div>\n\t\t\t\t\t<\/div>\n\t\t\t\t<\/div>\n\t\t\t\t\t\t\t<\/div>\n\t\t","protected":false},"excerpt":{"rendered":"<p>MINIST\u00c9RIO DE MULHERES O Minist\u00e9rio de Mulheres da IBA tem como principal objetivo n\u00e3o deixar nenhuma mulher andar sozinha em sua caminhada com Cristo. Esse objetivo \u00e9 alcan\u00e7ado atrav\u00e9s do CUIDAR, APOIAR e TREINAR mulheres nesse cuidado m\u00fatuo. Desenvolvendo um relacionamento \u00edntimo e profundo com Deus e comunh\u00e3o umas com as outras. Assim desenvolvemos a\u00e7\u00f5es [&hellip;]<\/p>\n","protected":false},"author":1,"featured_media":0,"parent":0,"menu_order":0,"comment_status":"closed","ping_status":"closed","template":"","meta":[],"bairros":[],"_links":{"self":[{"href":"https:\/\/ibavancar.com\/index.php\/wp-json\/wp\/v2\/pages\/800"}],"collection":[{"href":"https:\/\/ibavancar.com\/index.php\/wp-json\/wp\/v2\/pages"}],"about":[{"href":"https:\/\/ibavancar.com\/index.php\/wp-json\/wp\/v2\/types\/page"}],"author":[{"embeddable":true,"href":"https:\/\/ibavancar.com\/index.php\/wp-json\/wp\/v2\/users\/1"}],"replies":[{"embeddable":true,"href":"https:\/\/ibavancar.com\/index.php\/wp-json\/wp\/v2\/comments?post=800"}],"version-history":[{"count":28,"href":"https:\/\/ibavancar.com\/index.php\/wp-json\/wp\/v2\/pages\/800\/revisions"}],"predecessor-version":[{"id":2691,"href":"https:\/\/ibavancar.com\/index.php\/wp-json\/wp\/v2\/pages\/800\/revisions\/2691"}],"wp:attachment":[{"href":"https:\/\/ibavancar.com\/index.php\/wp-json\/wp\/v2\/media?parent=800"}],"wp:term":[{"taxonomy":"bairros","embeddable":true,"href":"https:\/\/ibavancar.com\/index.php\/wp-json\/wp\/v2\/bairros?post=800"}],"curies":[{"name":"wp","href":"https:\/\/api.w.org\/{rel}","templated":true}]}}